{"id":11505,"date":"2024-09-11T09:30:27","date_gmt":"2024-09-11T07:30:27","guid":{"rendered":"https:\/\/www.laboratorioapertoparma.it\/?page_id=11505"},"modified":"2024-09-16T13:01:51","modified_gmt":"2024-09-16T11:01:51","slug":"ostersund","status":"publish","type":"page","link":"https:\/\/www.laboratorioapertoparma.it\/index.php\/ostersund\/","title":{"rendered":"OSTERSUND"},"content":{"rendered":"\t\t<div data-elementor-type=\"wp-page\" data-elementor-id=\"11505\" class=\"elementor elementor-11505\" data-elementor-post-type=\"page\">\n\t\t\t\t\t\t<section class=\"elementor-section elementor-top-section elementor-element elementor-element-b3a4ec7 elementor-section-height-min-height elementor-section-boxed elementor-section-height-default elementor-section-items-middle\" data-id=\"b3a4ec7\" data-element_type=\"section\" data-settings=\"{&quot;background_background&quot;:&quot;classic&quot;}\">\n\t\t\t\t\t\t<div class=\"elementor-container elementor-column-gap-wider\">\n\t\t\t\t\t<div class=\"elementor-column elementor-col-100 elementor-top-column elementor-element elementor-element-22064d5\" data-id=\"22064d5\" data-element_type=\"column\">\n\t\t\t<div class=\"elementor-widget-wrap elementor-element-populated\">\n\t\t\t\t\t\t<div class=\"elementor-element elementor-element-8730a22 elementor-widget elementor-widget-heading\" data-id=\"8730a22\" data-element_type=\"widget\" data-widget_type=\"heading.default\">\n\t\t\t\t<div class=\"elementor-widget-container\">\n\t\t\t<h2 class=\"elementor-heading-title elementor-size-default\">\u00d6STERSUND (SVEZIA)<\/h2>\t\t<\/div>\n\t\t\t\t<\/div>\n\t\t\t\t\t<\/div>\n\t\t<\/div>\n\t\t\t\t\t<\/div>\n\t\t<\/section>\n\t\t\t\t<section class=\"elementor-section elementor-top-section elementor-element elementor-element-581edfc elementor-section-boxed elementor-section-height-default elementor-section-height-default\" data-id=\"581edfc\" data-element_type=\"section\">\n\t\t\t\t\t\t<div class=\"elementor-container elementor-column-gap-wider\">\n\t\t\t\t\t<div class=\"elementor-column elementor-col-100 elementor-top-column elementor-element elementor-element-362c3ea\" data-id=\"362c3ea\" data-element_type=\"column\">\n\t\t\t<div class=\"elementor-widget-wrap elementor-element-populated\">\n\t\t\t\t\t\t<div class=\"elementor-element elementor-element-e2af7f1 elementor-widget elementor-widget-spacer\" data-id=\"e2af7f1\" data-element_type=\"widget\" data-widget_type=\"spacer.default\">\n\t\t\t\t<div class=\"elementor-widget-container\">\n\t\t\t\t\t<div class=\"elementor-spacer\">\n\t\t\t<div class=\"elementor-spacer-inner\"><\/div>\n\t\t<\/div>\n\t\t\t\t<\/div>\n\t\t\t\t<\/div>\n\t\t\t\t<div class=\"elementor-element elementor-element-d85ac41 elementor-widget elementor-widget-text-editor\" data-id=\"d85ac41\" data-element_type=\"widget\" data-widget_type=\"text-editor.default\">\n\t\t\t\t<div class=\"elementor-widget-container\">\n\t\t\t\t\t\t\t<p class=\"x_MsoNormal\"><em>Situata in una regione scarsamente popolata nel centro della Svezia, \u00d6stersund \u00e8 ampiamente apprezzata per la sua cultura gastronomica, basata su alimenti locali sostenibili ispirati a tradizioni culinarie di lunga data.<\/em><\/p><p class=\"x_MsoNormal\"><em>\u00d6stersund \u00e8 una citt\u00e0 aperta e curiosa, dove la tradizione va di pari passo con la diversit\u00e0 e il progresso. Lo stile di vita a \u00d6stersund \u00e8 attivo, i suoi cittadini vivono a contatto con la natura che li circonda, con i laghi e le montagne.<\/em><\/p><p class=\"x_MsoNormal\"><em>\u00d6stersund e la regione J\u00e4mtland H\u00e4rjedalen sono Citt\u00e0 Creativa UNESCO della Gastronomia dal 2010.<\/em><\/p>\t\t\t\t\t\t<\/div>\n\t\t\t\t<\/div>\n\t\t\t\t<div class=\"elementor-element elementor-element-88d92b6 elementor-widget elementor-widget-spacer\" data-id=\"88d92b6\" data-element_type=\"widget\" data-widget_type=\"spacer.default\">\n\t\t\t\t<div class=\"elementor-widget-container\">\n\t\t\t\t\t<div class=\"elementor-spacer\">\n\t\t\t<div class=\"elementor-spacer-inner\"><\/div>\n\t\t<\/div>\n\t\t\t\t<\/div>\n\t\t\t\t<\/div>\n\t\t\t\t\t<\/div>\n\t\t<\/div>\n\t\t\t\t\t<\/div>\n\t\t<\/section>\n\t\t\t\t<section class=\"elementor-section elementor-top-section elementor-element elementor-element-8aa7049 elementor-section-content-top elementor-section-boxed elementor-section-height-default elementor-section-height-default\" data-id=\"8aa7049\" data-element_type=\"section\">\n\t\t\t\t\t\t<div class=\"elementor-container elementor-column-gap-wider\">\n\t\t\t\t\t<div class=\"elementor-column elementor-col-50 elementor-top-column elementor-element elementor-element-8a64270\" data-id=\"8a64270\" data-element_type=\"column\">\n\t\t\t<div class=\"elementor-widget-wrap elementor-element-populated\">\n\t\t\t\t\t\t<div class=\"elementor-element elementor-element-ef527fd elementor-widget elementor-widget-image\" data-id=\"ef527fd\" data-element_type=\"widget\" data-widget_type=\"image.default\">\n\t\t\t\t<div class=\"elementor-widget-container\">\n\t\t\t\t\t\t\t\t\t\t\t\t\t<img fetchpriority=\"high\" decoding=\"async\" width=\"800\" height=\"800\" src=\"https:\/\/www.laboratorioapertoparma.it\/wp-content\/uploads\/2024\/09\/Tallrikar-EatArt-festivalen_Foto-Tina-Stafren.jpeg-scaled-e1726040605606-1024x1024.jpg\" class=\"attachment-large size-large wp-image-11527\" alt=\"\" srcset=\"https:\/\/www.laboratorioapertoparma.it\/wp-content\/uploads\/2024\/09\/Tallrikar-EatArt-festivalen_Foto-Tina-Stafren.jpeg-scaled-e1726040605606-1024x1024.jpg 1024w, https:\/\/www.laboratorioapertoparma.it\/wp-content\/uploads\/2024\/09\/Tallrikar-EatArt-festivalen_Foto-Tina-Stafren.jpeg-scaled-e1726040605606-300x300.jpg 300w, https:\/\/www.laboratorioapertoparma.it\/wp-content\/uploads\/2024\/09\/Tallrikar-EatArt-festivalen_Foto-Tina-Stafren.jpeg-scaled-e1726040605606-150x150.jpg 150w, https:\/\/www.laboratorioapertoparma.it\/wp-content\/uploads\/2024\/09\/Tallrikar-EatArt-festivalen_Foto-Tina-Stafren.jpeg-scaled-e1726040605606-768x768.jpg 768w, https:\/\/www.laboratorioapertoparma.it\/wp-content\/uploads\/2024\/09\/Tallrikar-EatArt-festivalen_Foto-Tina-Stafren.jpeg-scaled-e1726040605606-1536x1536.jpg 1536w, https:\/\/www.laboratorioapertoparma.it\/wp-content\/uploads\/2024\/09\/Tallrikar-EatArt-festivalen_Foto-Tina-Stafren.jpeg-scaled-e1726040605606.jpg 1706w\" sizes=\"(max-width: 800px) 100vw, 800px\" \/>\t\t\t\t\t\t\t\t\t\t\t\t\t<\/div>\n\t\t\t\t<\/div>\n\t\t\t\t\t<\/div>\n\t\t<\/div>\n\t\t\t\t<div class=\"elementor-column elementor-col-50 elementor-top-column elementor-element elementor-element-988629f\" data-id=\"988629f\" data-element_type=\"column\">\n\t\t\t<div class=\"elementor-widget-wrap elementor-element-populated\">\n\t\t\t\t\t\t<div class=\"elementor-element elementor-element-d0e84d4 elementor-widget elementor-widget-text-editor\" data-id=\"d0e84d4\" data-element_type=\"widget\" data-widget_type=\"text-editor.default\">\n\t\t\t\t<div class=\"elementor-widget-container\">\n\t\t\t\t\t\t\t<p><span class=\"s1\"><b>BENVENUTI A <\/b><\/span><span class=\"s1\"><b>\u00d6STERSUND<\/b><\/span><\/p><p><strong>Sabato 21 settembre, ore 11<\/strong><\/p><p>Show Cooking e racconto gastronomico di <span class=\"s1\">\u00d6stersund<\/span>, Citt\u00e0 Creativa UNESCO per la Gastronomia, attraverso la realizzazione di un piatto della tradizione.<\/p><p>Ospiti: <b>Signe Mogensen<\/b>.<\/p>\t\t\t\t\t\t<\/div>\n\t\t\t\t<\/div>\n\t\t\t\t<div class=\"elementor-element elementor-element-950fc7b elementor-align-center elementor-widget elementor-widget-button\" data-id=\"950fc7b\" data-element_type=\"widget\" data-widget_type=\"button.default\">\n\t\t\t\t<div class=\"elementor-widget-container\">\n\t\t\t\t\t<div class=\"elementor-button-wrapper\">\n\t\t\t<a class=\"elementor-button elementor-button-link elementor-size-sm elementor-animation-float\" href=\"https:\/\/www.eventbrite.it\/e\/1003541939957?aff=oddtdtcreator\">\n\t\t\t\t\t\t<span class=\"elementor-button-content-wrapper\">\n\t\t\t\t\t\t<span class=\"elementor-button-text\">PRENOTA<\/span>\n\t\t<\/span>\n\t\t\t\t\t<\/a>\n\t\t<\/div>\n\t\t\t\t<\/div>\n\t\t\t\t<\/div>\n\t\t\t\t\t<\/div>\n\t\t<\/div>\n\t\t\t\t\t<\/div>\n\t\t<\/section>\n\t\t\t\t<section class=\"elementor-section elementor-top-section elementor-element elementor-element-211d290 elementor-section-content-top elementor-section-boxed elementor-section-height-default elementor-section-height-default\" data-id=\"211d290\" data-element_type=\"section\">\n\t\t\t\t\t\t<div class=\"elementor-container elementor-column-gap-wider\">\n\t\t\t\t\t<div class=\"elementor-column elementor-col-50 elementor-top-column elementor-element elementor-element-8df99a2\" data-id=\"8df99a2\" data-element_type=\"column\">\n\t\t\t<div class=\"elementor-widget-wrap elementor-element-populated\">\n\t\t\t\t\t\t<div class=\"elementor-element elementor-element-cb6aff3 elementor-widget elementor-widget-image\" data-id=\"cb6aff3\" data-element_type=\"widget\" data-widget_type=\"image.default\">\n\t\t\t\t<div class=\"elementor-widget-container\">\n\t\t\t\t\t\t\t\t\t\t\t\t\t<img decoding=\"async\" width=\"800\" height=\"198\" src=\"https:\/\/www.laboratorioapertoparma.it\/wp-content\/uploads\/2024\/09\/Ostersund_UCCN-1024x254.png\" class=\"attachment-large size-large wp-image-11509\" alt=\"\" srcset=\"https:\/\/www.laboratorioapertoparma.it\/wp-content\/uploads\/2024\/09\/Ostersund_UCCN-1024x254.png 1024w, https:\/\/www.laboratorioapertoparma.it\/wp-content\/uploads\/2024\/09\/Ostersund_UCCN-300x74.png 300w, https:\/\/www.laboratorioapertoparma.it\/wp-content\/uploads\/2024\/09\/Ostersund_UCCN-768x190.png 768w, https:\/\/www.laboratorioapertoparma.it\/wp-content\/uploads\/2024\/09\/Ostersund_UCCN-1536x381.png 1536w, https:\/\/www.laboratorioapertoparma.it\/wp-content\/uploads\/2024\/09\/Ostersund_UCCN-2048x508.png 2048w\" sizes=\"(max-width: 800px) 100vw, 800px\" \/>\t\t\t\t\t\t\t\t\t\t\t\t\t<\/div>\n\t\t\t\t<\/div>\n\t\t\t\t\t<\/div>\n\t\t<\/div>\n\t\t\t\t<div class=\"elementor-column elementor-col-50 elementor-top-column elementor-element elementor-element-b0f72d7\" data-id=\"b0f72d7\" data-element_type=\"column\">\n\t\t\t<div class=\"elementor-widget-wrap elementor-element-populated\">\n\t\t\t\t\t\t<div class=\"elementor-element elementor-element-2819b43 elementor-widget elementor-widget-text-editor\" data-id=\"2819b43\" data-element_type=\"widget\" data-widget_type=\"text-editor.default\">\n\t\t\t\t<div class=\"elementor-widget-container\">\n\t\t\t\t\t\t\t<p><b>CREATIVE, GASTRONOMICHE: <span class=\"s1\">\u00d6STERSUND<\/span><\/b><\/p><p><strong>Sabato 21 settembre, ore 18<\/strong><\/p><p>Un\u2019occasione per indagare i diversi territori, il saper fare dei loro abitanti, i prodotti, le filiere agroalimentari e le peculiarit\u00e0, nonch\u00e9 le buone pratiche sviluppate al fine di integrare la cultura nelle politiche di sviluppo urbano questa volta ascoltando anche la testimonianza diretta dei protagonisti.<\/p><p>Ospite di questo appuntamento la chef e sommelier <b>Signe Mogensen<\/b><\/p><p>Al termine di ogni incontro verranno offerti in degustazione uno o pi\u00f9 prodotti simbolo dell\u2019enogastronomia locale che rappresentano l\u2019unicit\u00e0 e la qualit\u00e0 delle produzioni territoriali prese via via in considerazione.<\/p><p><em>A cura di Paolo Tegoni<\/em><\/p>\t\t\t\t\t\t<\/div>\n\t\t\t\t<\/div>\n\t\t\t\t<div class=\"elementor-element elementor-element-deec5e8 elementor-align-center elementor-widget elementor-widget-button\" data-id=\"deec5e8\" data-element_type=\"widget\" data-widget_type=\"button.default\">\n\t\t\t\t<div class=\"elementor-widget-container\">\n\t\t\t\t\t<div class=\"elementor-button-wrapper\">\n\t\t\t<a class=\"elementor-button elementor-button-link elementor-size-sm elementor-animation-float\" href=\"https:\/\/www.eventbrite.it\/e\/988451142977?aff=oddtdtcreator\">\n\t\t\t\t\t\t<span class=\"elementor-button-content-wrapper\">\n\t\t\t\t\t\t<span class=\"elementor-button-text\">PRENOTA<\/span>\n\t\t<\/span>\n\t\t\t\t\t<\/a>\n\t\t<\/div>\n\t\t\t\t<\/div>\n\t\t\t\t<\/div>\n\t\t\t\t\t<\/div>\n\t\t<\/div>\n\t\t\t\t\t<\/div>\n\t\t<\/section>\n\t\t\t\t<\/div>\n\t\t","protected":false},"excerpt":{"rendered":"<p>\u00d6STERSUND (SVEZIA) Situata in una regione scarsamente popolata nel centro della Svezia, \u00d6stersund \u00e8 ampiamente apprezzata per la sua cultura gastronomica, basata su alimenti locali sostenibili ispirati a tradizioni culinarie di lunga data. \u00d6stersund \u00e8 una citt\u00e0 aperta e curiosa, dove la tradizione va di pari passo con la diversit\u00e0 e il progresso. Lo stile [&hellip;]<\/p>\n","protected":false},"author":2,"featured_media":0,"parent":0,"menu_order":0,"comment_status":"closed","ping_status":"closed","template":"","meta":{"footnotes":""},"class_list":["post-11505","page","type-page","status-publish","hentry"],"_links":{"self":[{"href":"https:\/\/www.laboratorioapertoparma.it\/index.php\/wp-json\/wp\/v2\/pages\/11505","targetHints":{"allow":["GET"]}}],"collection":[{"href":"https:\/\/www.laboratorioapertoparma.it\/index.php\/wp-json\/wp\/v2\/pages"}],"about":[{"href":"https:\/\/www.laboratorioapertoparma.it\/index.php\/wp-json\/wp\/v2\/types\/page"}],"author":[{"embeddable":true,"href":"https:\/\/www.laboratorioapertoparma.it\/index.php\/wp-json\/wp\/v2\/users\/2"}],"replies":[{"embeddable":true,"href":"https:\/\/www.laboratorioapertoparma.it\/index.php\/wp-json\/wp\/v2\/comments?post=11505"}],"version-history":[{"count":29,"href":"https:\/\/www.laboratorioapertoparma.it\/index.php\/wp-json\/wp\/v2\/pages\/11505\/revisions"}],"predecessor-version":[{"id":11573,"href":"https:\/\/www.laboratorioapertoparma.it\/index.php\/wp-json\/wp\/v2\/pages\/11505\/revisions\/11573"}],"wp:attachment":[{"href":"https:\/\/www.laboratorioapertoparma.it\/index.php\/wp-json\/wp\/v2\/media?parent=11505"}],"curies":[{"name":"wp","href":"https:\/\/api.w.org\/{rel}","templated":true}]}}