{"id":10516,"date":"2023-12-28T12:06:40","date_gmt":"2023-12-28T11:06:40","guid":{"rendered":"https:\/\/www.laboratorioapertoparma.it\/?page_id=10516"},"modified":"2026-04-21T17:20:08","modified_gmt":"2026-04-21T15:20:08","slug":"vivi","status":"publish","type":"page","link":"https:\/\/www.laboratorioapertoparma.it\/index.php\/vivi\/","title":{"rendered":"VIVI"},"content":{"rendered":"\t\t<div data-elementor-type=\"wp-page\" data-elementor-id=\"10516\" class=\"elementor elementor-10516\" data-elementor-post-type=\"page\">\n\t\t\t\t\t\t<section class=\"elementor-section elementor-top-section elementor-element elementor-element-186efa0 elementor-section-height-min-height elementor-section-boxed elementor-section-height-default elementor-section-items-middle\" data-id=\"186efa0\" data-element_type=\"section\" data-settings=\"{&quot;background_background&quot;:&quot;classic&quot;}\">\n\t\t\t\t\t\t<div class=\"elementor-container elementor-column-gap-wider\">\n\t\t\t\t\t<div class=\"elementor-column elementor-col-100 elementor-top-column elementor-element elementor-element-683e9aa\" data-id=\"683e9aa\" data-element_type=\"column\">\n\t\t\t<div class=\"elementor-widget-wrap elementor-element-populated\">\n\t\t\t\t\t\t<div class=\"elementor-element elementor-element-0138031 elementor-widget elementor-widget-heading\" data-id=\"0138031\" data-element_type=\"widget\" data-widget_type=\"heading.default\">\n\t\t\t\t<div class=\"elementor-widget-container\">\n\t\t\t<h2 class=\"elementor-heading-title elementor-size-default\">vivi<\/h2>\t\t<\/div>\n\t\t\t\t<\/div>\n\t\t\t\t\t<\/div>\n\t\t<\/div>\n\t\t\t\t\t<\/div>\n\t\t<\/section>\n\t\t\t\t<section class=\"elementor-section elementor-top-section elementor-element elementor-element-814cbf7 elementor-section-boxed elementor-section-height-default elementor-section-height-default\" data-id=\"814cbf7\" data-element_type=\"section\">\n\t\t\t\t\t\t<div class=\"elementor-container elementor-column-gap-wider\">\n\t\t\t\t\t<div class=\"elementor-column elementor-col-100 elementor-top-column elementor-element elementor-element-3f3a857\" data-id=\"3f3a857\" data-element_type=\"column\">\n\t\t\t<div class=\"elementor-widget-wrap elementor-element-populated\">\n\t\t\t\t\t\t<div class=\"elementor-element elementor-element-fe7220e elementor-widget elementor-widget-text-editor\" data-id=\"fe7220e\" data-element_type=\"widget\" data-widget_type=\"text-editor.default\">\n\t\t\t\t<div class=\"elementor-widget-container\">\n\t\t\t\t\t\t\t<p><span class=\"TextRun SCXW26963984 BCX0\" lang=\"IT-IT\" xml:lang=\"IT-IT\" data-contrast=\"none\"><span class=\"NormalTextRun SCXW26963984 BCX0\" data-ccp-parastyle=\"Normal (Web)\">Seminari, corsi di&nbsp;<\/span><span class=\"NormalTextRun SCXW26963984 BCX0\" data-ccp-parastyle=\"Normal (Web)\">food<\/span>&nbsp;<span class=\"NormalTextRun SCXW26963984 BCX0\" data-ccp-parastyle=\"Normal (Web)\">writing<\/span><span class=\"NormalTextRun SCXW26963984 BCX0\" data-ccp-parastyle=\"Normal (Web)\">, conferenze, mostre, laboratori pratici e per bambini, book club gastronomico, degustazioni sono solo alcuni degli eventi che animano questi spazi, contribuendo prima di tutto a far s\u00ec che i cittadini riprendano abitudine a frequentarli e poi a seminare quella consapevolezza e quella conoscenza necessarie a creare una riflessione critica e a trattare la gastronomia al pari degli altri ambiti culturali.<\/span><\/span><span class=\"EOP SCXW26963984 BCX0\" data-ccp-props=\"{&quot;201341983&quot;:0,&quot;335551550&quot;:6,&quot;335551620&quot;:6,&quot;335559739&quot;:120,&quot;335559740&quot;:300}\">&nbsp;<\/span><\/p>\n<p>Il Laboratorio Aperto promuove inoltre la partecipazione attiva tra i principali attori della filiera per dar vita a progetti di fruizione culturale con un forte orientamento digitale, in gradi di integrarsi con strumenti di formazione professionale e autoimprenditorialit\u00e0.<\/p>\t\t\t\t\t\t<\/div>\n\t\t\t\t<\/div>\n\t\t\t\t<div class=\"elementor-element elementor-element-a4afcba elementor-widget-divider--separator-type-pattern elementor-widget-divider--view-line elementor-widget elementor-widget-divider\" data-id=\"a4afcba\" data-element_type=\"widget\" data-widget_type=\"divider.default\">\n\t\t\t\t<div class=\"elementor-widget-container\">\n\t\t\t\t\t<div class=\"elementor-divider\" style=\"--divider-pattern-url: url(&quot;data:image\/svg+xml,%3Csvg xmlns=&#039;http:\/\/www.w3.org\/2000\/svg&#039; preserveAspectRatio=&#039;none&#039; overflow=&#039;visible&#039; height=&#039;100%&#039; viewBox=&#039;0 0 24 24&#039; fill=&#039;none&#039; stroke=&#039;black&#039; stroke-width=&#039;2&#039; stroke-linecap=&#039;square&#039; stroke-miterlimit=&#039;10&#039;%3E%3Cpath d=&#039;M0,21c3.3,0,8.3-0.9,15.7-7.1c6.6-5.4,4.4-9.3,2.4-10.3c-3.4-1.8-7.7,1.3-7.3,8.8C11.2,20,17.1,21,24,21&#039;\/%3E%3C\/svg%3E&quot;);\">\n\t\t\t<span class=\"elementor-divider-separator\">\n\t\t\t\t\t\t<\/span>\n\t\t<\/div>\n\t\t\t\t<\/div>\n\t\t\t\t<\/div>\n\t\t\t\t\t<\/div>\n\t\t<\/div>\n\t\t\t\t\t<\/div>\n\t\t<\/section>\n\t\t\t\t<section class=\"elementor-section elementor-top-section elementor-element elementor-element-e2c69f8 elementor-section-content-middle elementor-section-boxed elementor-section-height-default elementor-section-height-default\" data-id=\"e2c69f8\" data-element_type=\"section\">\n\t\t\t\t\t\t<div class=\"elementor-container elementor-column-gap-wider\">\n\t\t\t\t\t<div class=\"elementor-column elementor-col-50 elementor-top-column elementor-element elementor-element-8594ecb\" data-id=\"8594ecb\" data-element_type=\"column\">\n\t\t\t<div class=\"elementor-widget-wrap elementor-element-populated\">\n\t\t\t\t\t\t<div class=\"elementor-element elementor-element-b36f3dc elementor-widget elementor-widget-image\" data-id=\"b36f3dc\" data-element_type=\"widget\" data-widget_type=\"image.default\">\n\t\t\t\t<div class=\"elementor-widget-container\">\n\t\t\t\t\t\t\t\t\t\t\t\t\t<img fetchpriority=\"high\" decoding=\"async\" width=\"800\" height=\"1000\" src=\"https:\/\/www.laboratorioapertoparma.it\/wp-content\/uploads\/2026\/04\/2026_04_28_Social-card_1080x1350-819x1024.png\" class=\"attachment-large size-large wp-image-11799\" alt=\"\" srcset=\"https:\/\/www.laboratorioapertoparma.it\/wp-content\/uploads\/2026\/04\/2026_04_28_Social-card_1080x1350-819x1024.png 819w, https:\/\/www.laboratorioapertoparma.it\/wp-content\/uploads\/2026\/04\/2026_04_28_Social-card_1080x1350-240x300.png 240w, https:\/\/www.laboratorioapertoparma.it\/wp-content\/uploads\/2026\/04\/2026_04_28_Social-card_1080x1350-768x960.png 768w, https:\/\/www.laboratorioapertoparma.it\/wp-content\/uploads\/2026\/04\/2026_04_28_Social-card_1080x1350.png 1081w\" sizes=\"(max-width: 800px) 100vw, 800px\" \/>\t\t\t\t\t\t\t\t\t\t\t\t\t<\/div>\n\t\t\t\t<\/div>\n\t\t\t\t\t<\/div>\n\t\t<\/div>\n\t\t\t\t<div class=\"elementor-column elementor-col-50 elementor-top-column elementor-element elementor-element-2a1ea15\" data-id=\"2a1ea15\" data-element_type=\"column\">\n\t\t\t<div class=\"elementor-widget-wrap elementor-element-populated\">\n\t\t\t\t\t\t<div class=\"elementor-element elementor-element-f42c69b elementor-align-left elementor-widget elementor-widget-button\" data-id=\"f42c69b\" data-element_type=\"widget\" data-widget_type=\"button.default\">\n\t\t\t\t<div class=\"elementor-widget-container\">\n\t\t\t\t\t<div class=\"elementor-button-wrapper\">\n\t\t\t<a class=\"elementor-button elementor-button-link elementor-size-lg elementor-animation-float\" href=\"https:\/\/docs.google.com\/forms\/d\/e\/1FAIpQLScfNst7_qWVo2tul1zRu8SNoxT1lbl6L9chC9GblZrHf8OU7g\/viewform\" target=\"_blank\">\n\t\t\t\t\t\t<span class=\"elementor-button-content-wrapper\">\n\t\t\t\t\t\t<span class=\"elementor-button-text\">PRENOTA<\/span>\n\t\t<\/span>\n\t\t\t\t\t<\/a>\n\t\t<\/div>\n\t\t\t\t<\/div>\n\t\t\t\t<\/div>\n\t\t\t\t<div class=\"elementor-element elementor-element-210289f elementor-widget elementor-widget-text-editor\" data-id=\"210289f\" data-element_type=\"widget\" data-widget_type=\"text-editor.default\">\n\t\t\t\t<div class=\"elementor-widget-container\">\n\t\t\t\t\t\t\t<article class=\"text-token-text-primary w-full focus:outline-none [--shadow-height:45px] has-data-writing-block:pointer-events-none has-data-writing-block:-mt-(--shadow-height) has-data-writing-block:pt-(--shadow-height) [&amp;:has([data-writing-block])&gt;*]:pointer-events-auto scroll-mt-[calc(var(--header-height)+min(200px,max(70px,20svh)))]\" dir=\"auto\" tabindex=\"-1\" data-turn-id=\"request-WEB:3a4ebf1a-5769-4fe1-963c-0efda898bf03-9\" data-testid=\"conversation-turn-8\" data-scroll-anchor=\"true\" data-turn=\"assistant\"><div class=\"text-base my-auto mx-auto pb-10 [--thread-content-margin:--spacing(4)] thread-sm:[--thread-content-margin:--spacing(6)] thread-lg:[--thread-content-margin:--spacing(16)] px-(--thread-content-margin)\"><div class=\"[--thread-content-max-width:40rem] thread-lg:[--thread-content-max-width:48rem] mx-auto max-w-(--thread-content-max-width) flex-1 group\/turn-messages focus-visible:outline-hidden relative flex w-full min-w-0 flex-col agent-turn\" tabindex=\"-1\"><div class=\"flex max-w-full flex-col grow\"><div class=\"min-h-8 text-message relative flex w-full flex-col items-end gap-2 text-start break-words whitespace-normal [.text-message+&amp;]:mt-1\" dir=\"auto\" data-message-author-role=\"assistant\" data-message-id=\"6a07f7d5-379e-43b1-95ce-0c42f6c2fbf1\" data-message-model-slug=\"gpt-5-1\"><div class=\"flex w-full flex-col gap-1 empty:hidden first:pt-[1px]\"><div class=\"markdown prose dark:prose-invert w-full break-words light markdown-new-styling\"><p data-start=\"38\" data-end=\"468\" data-is-last-node=\"\" data-is-only-node=\"\"><strong><i>Laboratorio di co-design e Citizen Science per il progetto VERA<br \/>28 aprile 2026\u00a016.30 \u2013 19.00<\/i><\/strong><i><\/i><\/p><div>Un incontro partecipativo per discutere insieme\u00a0<strong>qualit\u00e0 dell\u2019aria, traffico e mobilit\u00e0 urbana<\/strong>.\u00a0Il laboratorio fa parte delle attivit\u00e0 del\u00a0<strong>progetto regionale VERA \u2013 Gemella Digitale della Regione Emilia-Romagna<\/strong>\u00a0e coinvolge cittadini, associazioni, studenti e amministrazioni locali.\u00a0<\/div><\/div><\/div><\/div><\/div><\/div><\/div><\/article>\t\t\t\t\t\t<\/div>\n\t\t\t\t<\/div>\n\t\t\t\t\t<\/div>\n\t\t<\/div>\n\t\t\t\t\t<\/div>\n\t\t<\/section>\n\t\t\t\t<section class=\"elementor-section elementor-top-section elementor-element elementor-element-0ced7db elementor-section-boxed elementor-section-height-default elementor-section-height-default\" data-id=\"0ced7db\" data-element_type=\"section\">\n\t\t\t\t\t\t<div class=\"elementor-container elementor-column-gap-default\">\n\t\t\t\t\t<div class=\"elementor-column elementor-col-100 elementor-top-column elementor-element elementor-element-261c3a1\" data-id=\"261c3a1\" data-element_type=\"column\">\n\t\t\t<div class=\"elementor-widget-wrap elementor-element-populated\">\n\t\t\t\t\t\t<div class=\"elementor-element elementor-element-3fd9966 elementor-widget-divider--separator-type-pattern elementor-widget-divider--view-line elementor-widget elementor-widget-divider\" data-id=\"3fd9966\" data-element_type=\"widget\" data-widget_type=\"divider.default\">\n\t\t\t\t<div class=\"elementor-widget-container\">\n\t\t\t\t\t<div class=\"elementor-divider\" style=\"--divider-pattern-url: url(&quot;data:image\/svg+xml,%3Csvg xmlns=&#039;http:\/\/www.w3.org\/2000\/svg&#039; preserveAspectRatio=&#039;none&#039; overflow=&#039;visible&#039; height=&#039;100%&#039; viewBox=&#039;0 0 24 24&#039; fill=&#039;none&#039; stroke=&#039;black&#039; stroke-width=&#039;2&#039; stroke-linecap=&#039;square&#039; stroke-miterlimit=&#039;10&#039;%3E%3Cpath d=&#039;M0,21c3.3,0,8.3-0.9,15.7-7.1c6.6-5.4,4.4-9.3,2.4-10.3c-3.4-1.8-7.7,1.3-7.3,8.8C11.2,20,17.1,21,24,21&#039;\/%3E%3C\/svg%3E&quot;);\">\n\t\t\t<span class=\"elementor-divider-separator\">\n\t\t\t\t\t\t<\/span>\n\t\t<\/div>\n\t\t\t\t<\/div>\n\t\t\t\t<\/div>\n\t\t\t\t\t<\/div>\n\t\t<\/div>\n\t\t\t\t\t<\/div>\n\t\t<\/section>\n\t\t\t\t<section class=\"elementor-section elementor-top-section elementor-element elementor-element-63bda9b elementor-section-boxed elementor-section-height-default elementor-section-height-default\" data-id=\"63bda9b\" data-element_type=\"section\">\n\t\t\t\t\t\t<div class=\"elementor-container elementor-column-gap-default\">\n\t\t\t\t\t<div class=\"elementor-column elementor-col-100 elementor-top-column elementor-element elementor-element-f511858\" data-id=\"f511858\" data-element_type=\"column\">\n\t\t\t<div class=\"elementor-widget-wrap elementor-element-populated\">\n\t\t\t\t\t\t<div class=\"elementor-element elementor-element-1f69441 elementor-widget elementor-widget-heading\" data-id=\"1f69441\" data-element_type=\"widget\" data-widget_type=\"heading.default\">\n\t\t\t\t<div class=\"elementor-widget-container\">\n\t\t\t<h2 class=\"elementor-heading-title elementor-size-default\">EVENTI PASSATI<\/h2>\t\t<\/div>\n\t\t\t\t<\/div>\n\t\t\t\t\t<\/div>\n\t\t<\/div>\n\t\t\t\t\t<\/div>\n\t\t<\/section>\n\t\t\t\t<section class=\"elementor-section elementor-top-section elementor-element elementor-element-9e5edfa elementor-section-content-middle elementor-section-boxed elementor-section-height-default elementor-section-height-default\" data-id=\"9e5edfa\" data-element_type=\"section\">\n\t\t\t\t\t\t<div class=\"elementor-container elementor-column-gap-wider\">\n\t\t\t\t\t<div class=\"elementor-column elementor-col-50 elementor-top-column elementor-element elementor-element-046d5d9\" data-id=\"046d5d9\" data-element_type=\"column\">\n\t\t\t<div class=\"elementor-widget-wrap elementor-element-populated\">\n\t\t\t\t\t\t<div class=\"elementor-element elementor-element-3e6d725 elementor-widget elementor-widget-image\" data-id=\"3e6d725\" data-element_type=\"widget\" data-widget_type=\"image.default\">\n\t\t\t\t<div class=\"elementor-widget-container\">\n\t\t\t\t\t\t\t\t\t\t\t\t\t\t<a href=\"https:\/\/www.laboratorioapertoparma.it\/wp-content\/uploads\/2025\/11\/GIALLO-NATALE-2025.pdf\">\n\t\t\t\t\t\t\t<img decoding=\"async\" width=\"724\" height=\"1024\" src=\"https:\/\/www.laboratorioapertoparma.it\/wp-content\/uploads\/2025\/11\/GIALLO-NATALE-A3-724x1024.jpg\" class=\"attachment-large size-large wp-image-11724\" alt=\"\" srcset=\"https:\/\/www.laboratorioapertoparma.it\/wp-content\/uploads\/2025\/11\/GIALLO-NATALE-A3-724x1024.jpg 724w, https:\/\/www.laboratorioapertoparma.it\/wp-content\/uploads\/2025\/11\/GIALLO-NATALE-A3-212x300.jpg 212w, https:\/\/www.laboratorioapertoparma.it\/wp-content\/uploads\/2025\/11\/GIALLO-NATALE-A3-768x1086.jpg 768w, https:\/\/www.laboratorioapertoparma.it\/wp-content\/uploads\/2025\/11\/GIALLO-NATALE-A3-1086x1536.jpg 1086w, https:\/\/www.laboratorioapertoparma.it\/wp-content\/uploads\/2025\/11\/GIALLO-NATALE-A3-1448x2048.jpg 1448w, https:\/\/www.laboratorioapertoparma.it\/wp-content\/uploads\/2025\/11\/GIALLO-NATALE-A3-scaled.jpg 1810w\" sizes=\"(max-width: 724px) 100vw, 724px\" \/>\t\t\t\t\t\t\t\t<\/a>\n\t\t\t\t\t\t\t\t\t\t\t\t\t<\/div>\n\t\t\t\t<\/div>\n\t\t\t\t\t<\/div>\n\t\t<\/div>\n\t\t\t\t<div class=\"elementor-column elementor-col-50 elementor-top-column elementor-element elementor-element-c8348e1\" data-id=\"c8348e1\" data-element_type=\"column\">\n\t\t\t<div class=\"elementor-widget-wrap elementor-element-populated\">\n\t\t\t\t\t\t<div class=\"elementor-element elementor-element-844b772 elementor-align-left elementor-widget elementor-widget-button\" data-id=\"844b772\" data-element_type=\"widget\" data-widget_type=\"button.default\">\n\t\t\t\t<div class=\"elementor-widget-container\">\n\t\t\t\t\t<div class=\"elementor-button-wrapper\">\n\t\t\t<a class=\"elementor-button elementor-button-link elementor-size-lg elementor-animation-float\" href=\"https:\/\/www.laboratorioapertoparma.it\/wp-content\/uploads\/2025\/11\/GIALLO-NATALE-2025.pdf\" target=\"_blank\">\n\t\t\t\t\t\t<span class=\"elementor-button-content-wrapper\">\n\t\t\t\t\t\t<span class=\"elementor-button-text\">GIALLO NATALE 2025<\/span>\n\t\t<\/span>\n\t\t\t\t\t<\/a>\n\t\t<\/div>\n\t\t\t\t<\/div>\n\t\t\t\t<\/div>\n\t\t\t\t<div class=\"elementor-element elementor-element-d3e601e elementor-widget elementor-widget-text-editor\" data-id=\"d3e601e\" data-element_type=\"widget\" data-widget_type=\"text-editor.default\">\n\t\t\t\t<div class=\"elementor-widget-container\">\n\t\t\t\t\t\t\t<article class=\"text-token-text-primary w-full focus:outline-none [--shadow-height:45px] has-data-writing-block:pointer-events-none has-data-writing-block:-mt-(--shadow-height) has-data-writing-block:pt-(--shadow-height) [&amp;:has([data-writing-block])&gt;*]:pointer-events-auto scroll-mt-[calc(var(--header-height)+min(200px,max(70px,20svh)))]\" dir=\"auto\" tabindex=\"-1\" data-turn-id=\"request-WEB:3a4ebf1a-5769-4fe1-963c-0efda898bf03-9\" data-testid=\"conversation-turn-8\" data-scroll-anchor=\"true\" data-turn=\"assistant\"><div class=\"text-base my-auto mx-auto pb-10 [--thread-content-margin:--spacing(4)] thread-sm:[--thread-content-margin:--spacing(6)] thread-lg:[--thread-content-margin:--spacing(16)] px-(--thread-content-margin)\"><div class=\"[--thread-content-max-width:40rem] thread-lg:[--thread-content-max-width:48rem] mx-auto max-w-(--thread-content-max-width) flex-1 group\/turn-messages focus-visible:outline-hidden relative flex w-full min-w-0 flex-col agent-turn\" tabindex=\"-1\"><div class=\"flex max-w-full flex-col grow\"><div class=\"min-h-8 text-message relative flex w-full flex-col items-end gap-2 text-start break-words whitespace-normal [.text-message+&amp;]:mt-1\" dir=\"auto\" data-message-author-role=\"assistant\" data-message-id=\"6a07f7d5-379e-43b1-95ce-0c42f6c2fbf1\" data-message-model-slug=\"gpt-5-1\"><div class=\"flex w-full flex-col gap-1 empty:hidden first:pt-[1px]\"><div class=\"markdown prose dark:prose-invert w-full break-words light markdown-new-styling\"><p data-start=\"38\" data-end=\"468\" data-is-last-node=\"\" data-is-only-node=\"\"><strong data-start=\"38\" data-end=\"55\">Giallo Natale<\/strong> \u00e8 il palinsesto del Laboratorio Aperto dedicato al rapporto tra gastronomia, cultura e creativit\u00e0 in occasione delle festivit\u00e0. Un programma che prende ispirazione dal giallo, colore simbolo delle feste ma anche espressione di luce, conoscenza e identit\u00e0 gastronomica del territorio.<\/p><\/div><\/div><\/div><\/div><\/div><\/div><\/article>\t\t\t\t\t\t<\/div>\n\t\t\t\t<\/div>\n\t\t\t\t\t<\/div>\n\t\t<\/div>\n\t\t\t\t\t<\/div>\n\t\t<\/section>\n\t\t\t\t<section class=\"elementor-section elementor-top-section elementor-element elementor-element-9f8dad7 elementor-section-content-middle elementor-section-boxed elementor-section-height-default elementor-section-height-default\" data-id=\"9f8dad7\" data-element_type=\"section\">\n\t\t\t\t\t\t<div class=\"elementor-container elementor-column-gap-wider\">\n\t\t\t\t\t<div class=\"elementor-column elementor-col-50 elementor-top-column elementor-element elementor-element-1f9bb39\" data-id=\"1f9bb39\" data-element_type=\"column\">\n\t\t\t<div class=\"elementor-widget-wrap elementor-element-populated\">\n\t\t\t\t\t\t<div class=\"elementor-element elementor-element-5a87adb elementor-widget elementor-widget-image\" data-id=\"5a87adb\" data-element_type=\"widget\" data-widget_type=\"image.default\">\n\t\t\t\t<div class=\"elementor-widget-container\">\n\t\t\t\t\t\t\t\t\t\t\t\t\t<img decoding=\"async\" width=\"721\" height=\"1024\" src=\"https:\/\/www.laboratorioapertoparma.it\/wp-content\/uploads\/2025\/09\/WhatsApp-Image-2025-09-05-at-11.16.25-721x1024.jpeg\" class=\"attachment-large size-large wp-image-11691\" alt=\"\" srcset=\"https:\/\/www.laboratorioapertoparma.it\/wp-content\/uploads\/2025\/09\/WhatsApp-Image-2025-09-05-at-11.16.25-721x1024.jpeg 721w, https:\/\/www.laboratorioapertoparma.it\/wp-content\/uploads\/2025\/09\/WhatsApp-Image-2025-09-05-at-11.16.25-211x300.jpeg 211w, https:\/\/www.laboratorioapertoparma.it\/wp-content\/uploads\/2025\/09\/WhatsApp-Image-2025-09-05-at-11.16.25-768x1090.jpeg 768w, https:\/\/www.laboratorioapertoparma.it\/wp-content\/uploads\/2025\/09\/WhatsApp-Image-2025-09-05-at-11.16.25-1082x1536.jpeg 1082w, https:\/\/www.laboratorioapertoparma.it\/wp-content\/uploads\/2025\/09\/WhatsApp-Image-2025-09-05-at-11.16.25.jpeg 1127w\" sizes=\"(max-width: 721px) 100vw, 721px\" \/>\t\t\t\t\t\t\t\t\t\t\t\t\t<\/div>\n\t\t\t\t<\/div>\n\t\t\t\t\t<\/div>\n\t\t<\/div>\n\t\t\t\t<div class=\"elementor-column elementor-col-50 elementor-top-column elementor-element elementor-element-1475fea\" data-id=\"1475fea\" data-element_type=\"column\">\n\t\t\t<div class=\"elementor-widget-wrap elementor-element-populated\">\n\t\t\t\t\t\t<div class=\"elementor-element elementor-element-4bec200 elementor-align-left elementor-widget elementor-widget-button\" data-id=\"4bec200\" data-element_type=\"widget\" data-widget_type=\"button.default\">\n\t\t\t\t<div class=\"elementor-widget-container\">\n\t\t\t\t\t<div class=\"elementor-button-wrapper\">\n\t\t\t<a class=\"elementor-button elementor-button-link elementor-size-lg elementor-animation-float\" href=\"https:\/\/flippingbooks.comune.parma.it\/libri\/Settembre-Gastronomico-2025\/\" target=\"_blank\">\n\t\t\t\t\t\t<span class=\"elementor-button-content-wrapper\">\n\t\t\t\t\t\t<span class=\"elementor-button-text\">SETTEMBRE GASTRONOMICO 2025<\/span>\n\t\t<\/span>\n\t\t\t\t\t<\/a>\n\t\t<\/div>\n\t\t\t\t<\/div>\n\t\t\t\t<\/div>\n\t\t\t\t<div class=\"elementor-element elementor-element-060bbeb elementor-widget elementor-widget-text-editor\" data-id=\"060bbeb\" data-element_type=\"widget\" data-widget_type=\"text-editor.default\">\n\t\t\t\t<div class=\"elementor-widget-container\">\n\t\t\t\t\t\t\t<p>Parma celebra i dieci anni come Citt\u00e0 Creativa UNESCO per la Gastronomia con un mese di eventi, cene, incontri e laboratori che raccontano il legame tra cibo, cultura e comunit\u00e0, intrecciando storie locali e sguardi internazionali.<\/p>\t\t\t\t\t\t<\/div>\n\t\t\t\t<\/div>\n\t\t\t\t\t<\/div>\n\t\t<\/div>\n\t\t\t\t\t<\/div>\n\t\t<\/section>\n\t\t\t\t<section class=\"elementor-section elementor-top-section elementor-element elementor-element-79bb92a elementor-section-content-middle elementor-section-boxed elementor-section-height-default elementor-section-height-default\" data-id=\"79bb92a\" data-element_type=\"section\">\n\t\t\t\t\t\t<div class=\"elementor-container elementor-column-gap-wider\">\n\t\t\t\t\t<div class=\"elementor-column elementor-col-50 elementor-top-column elementor-element elementor-element-140ad0c\" data-id=\"140ad0c\" data-element_type=\"column\">\n\t\t\t<div class=\"elementor-widget-wrap elementor-element-populated\">\n\t\t\t\t\t\t<div class=\"elementor-element elementor-element-5423dc7 elementor-widget elementor-widget-image\" data-id=\"5423dc7\" data-element_type=\"widget\" data-widget_type=\"image.default\">\n\t\t\t\t<div class=\"elementor-widget-container\">\n\t\t\t\t\t\t\t\t\t\t\t\t\t\t<a href=\"https:\/\/www.laboratorioapertoparma.it\/index.php\/natale-al-laboratorio-aperto-2024\/\">\n\t\t\t\t\t\t\t<img loading=\"lazy\" decoding=\"async\" width=\"722\" height=\"1024\" src=\"https:\/\/www.laboratorioapertoparma.it\/wp-content\/uploads\/2024\/11\/NATALE-722x1024.png\" class=\"attachment-large size-large wp-image-11608\" alt=\"\" srcset=\"https:\/\/www.laboratorioapertoparma.it\/wp-content\/uploads\/2024\/11\/NATALE-722x1024.png 722w, https:\/\/www.laboratorioapertoparma.it\/wp-content\/uploads\/2024\/11\/NATALE-211x300.png 211w, https:\/\/www.laboratorioapertoparma.it\/wp-content\/uploads\/2024\/11\/NATALE-768x1090.png 768w, https:\/\/www.laboratorioapertoparma.it\/wp-content\/uploads\/2024\/11\/NATALE-1083x1536.png 1083w, https:\/\/www.laboratorioapertoparma.it\/wp-content\/uploads\/2024\/11\/NATALE-1444x2048.png 1444w, https:\/\/www.laboratorioapertoparma.it\/wp-content\/uploads\/2024\/11\/NATALE.png 1748w\" sizes=\"(max-width: 722px) 100vw, 722px\" \/>\t\t\t\t\t\t\t\t<\/a>\n\t\t\t\t\t\t\t\t\t\t\t\t\t<\/div>\n\t\t\t\t<\/div>\n\t\t\t\t\t<\/div>\n\t\t<\/div>\n\t\t\t\t<div class=\"elementor-column elementor-col-50 elementor-top-column elementor-element elementor-element-7304ea6\" data-id=\"7304ea6\" data-element_type=\"column\">\n\t\t\t<div class=\"elementor-widget-wrap elementor-element-populated\">\n\t\t\t\t\t\t<div class=\"elementor-element elementor-element-009f304 elementor-align-left elementor-widget elementor-widget-button\" data-id=\"009f304\" data-element_type=\"widget\" data-widget_type=\"button.default\">\n\t\t\t\t<div class=\"elementor-widget-container\">\n\t\t\t\t\t<div class=\"elementor-button-wrapper\">\n\t\t\t<a class=\"elementor-button elementor-button-link elementor-size-lg elementor-animation-float\" href=\"https:\/\/www.laboratorioapertoparma.it\/index.php\/natale-al-laboratorio-aperto-2024\/\" target=\"_blank\">\n\t\t\t\t\t\t<span class=\"elementor-button-content-wrapper\">\n\t\t\t\t\t\t<span class=\"elementor-button-text\">NATALE AL LABORATORIO APERTO<\/span>\n\t\t<\/span>\n\t\t\t\t\t<\/a>\n\t\t<\/div>\n\t\t\t\t<\/div>\n\t\t\t\t<\/div>\n\t\t\t\t<div class=\"elementor-element elementor-element-9ce62fd elementor-widget elementor-widget-text-editor\" data-id=\"9ce62fd\" data-element_type=\"widget\" data-widget_type=\"text-editor.default\">\n\t\t\t\t<div class=\"elementor-widget-container\">\n\t\t\t\t\t\t\t<p>Un&#8217;iniziativa al giorno per ogni giorno di dicembre per arrivare ai giorni delle feste con un ricco bagaglio di conoscenze, aneddoti, storie da raccontare e da leggere&#8230;<\/p>\t\t\t\t\t\t<\/div>\n\t\t\t\t<\/div>\n\t\t\t\t\t<\/div>\n\t\t<\/div>\n\t\t\t\t\t<\/div>\n\t\t<\/section>\n\t\t\t\t<section class=\"elementor-section elementor-top-section elementor-element elementor-element-4aa6f29 elementor-section-content-middle elementor-section-boxed elementor-section-height-default elementor-section-height-default\" data-id=\"4aa6f29\" data-element_type=\"section\">\n\t\t\t\t\t\t<div class=\"elementor-container elementor-column-gap-wider\">\n\t\t\t\t\t<div class=\"elementor-column elementor-col-50 elementor-top-column elementor-element elementor-element-1c91401\" data-id=\"1c91401\" data-element_type=\"column\">\n\t\t\t<div class=\"elementor-widget-wrap elementor-element-populated\">\n\t\t\t\t\t\t<div class=\"elementor-element elementor-element-e0f31d6 elementor-widget elementor-widget-image\" data-id=\"e0f31d6\" data-element_type=\"widget\" data-widget_type=\"image.default\">\n\t\t\t\t<div class=\"elementor-widget-container\">\n\t\t\t\t\t\t\t\t\t\t\t\t\t\t<a href=\"https:\/\/www.laboratorioapertoparma.it\/index.php\/settembre-gastronomico-2024\/\">\n\t\t\t\t\t\t\t<img loading=\"lazy\" decoding=\"async\" width=\"515\" height=\"739\" src=\"https:\/\/www.laboratorioapertoparma.it\/wp-content\/uploads\/2024\/09\/sg24.png\" class=\"attachment-large size-large wp-image-11478\" alt=\"\" srcset=\"https:\/\/www.laboratorioapertoparma.it\/wp-content\/uploads\/2024\/09\/sg24.png 515w, https:\/\/www.laboratorioapertoparma.it\/wp-content\/uploads\/2024\/09\/sg24-209x300.png 209w\" sizes=\"(max-width: 515px) 100vw, 515px\" \/>\t\t\t\t\t\t\t\t<\/a>\n\t\t\t\t\t\t\t\t\t\t\t\t\t<\/div>\n\t\t\t\t<\/div>\n\t\t\t\t\t<\/div>\n\t\t<\/div>\n\t\t\t\t<div class=\"elementor-column elementor-col-50 elementor-top-column elementor-element elementor-element-63061d3\" data-id=\"63061d3\" data-element_type=\"column\">\n\t\t\t<div class=\"elementor-widget-wrap elementor-element-populated\">\n\t\t\t\t\t\t<div class=\"elementor-element elementor-element-f17f94e elementor-align-left elementor-widget elementor-widget-button\" data-id=\"f17f94e\" data-element_type=\"widget\" data-widget_type=\"button.default\">\n\t\t\t\t<div class=\"elementor-widget-container\">\n\t\t\t\t\t<div class=\"elementor-button-wrapper\">\n\t\t\t<a class=\"elementor-button elementor-button-link elementor-size-lg elementor-animation-float\" href=\"https:\/\/www.laboratorioapertoparma.it\/index.php\/settembre-gastronomico-2024\/\" target=\"_blank\">\n\t\t\t\t\t\t<span class=\"elementor-button-content-wrapper\">\n\t\t\t\t\t\t<span class=\"elementor-button-text\">SETTEMBRE GASTRONOMICO 2024<\/span>\n\t\t<\/span>\n\t\t\t\t\t<\/a>\n\t\t<\/div>\n\t\t\t\t<\/div>\n\t\t\t\t<\/div>\n\t\t\t\t<div class=\"elementor-element elementor-element-560e6f8 elementor-widget elementor-widget-text-editor\" data-id=\"560e6f8\" data-element_type=\"widget\" data-widget_type=\"text-editor.default\">\n\t\t\t\t<div class=\"elementor-widget-container\">\n\t\t\t\t\t\t\t<p>Un format completamente rinnovato per l&#8217;ormai tradizionale kermesse dedicata alla cultura gastronomica che vedr\u00e0 la commistione della gastronomia con altri cluster della rete delle Citt\u00e0 Creative UNESCO.<\/p>\t\t\t\t\t\t<\/div>\n\t\t\t\t<\/div>\n\t\t\t\t\t<\/div>\n\t\t<\/div>\n\t\t\t\t\t<\/div>\n\t\t<\/section>\n\t\t\t\t<section class=\"elementor-section elementor-top-section elementor-element elementor-element-29926e8 elementor-section-content-middle elementor-section-boxed elementor-section-height-default elementor-section-height-default\" data-id=\"29926e8\" data-element_type=\"section\">\n\t\t\t\t\t\t<div class=\"elementor-container elementor-column-gap-wider\">\n\t\t\t\t\t<div class=\"elementor-column elementor-col-50 elementor-top-column elementor-element elementor-element-610a024\" data-id=\"610a024\" data-element_type=\"column\">\n\t\t\t<div class=\"elementor-widget-wrap elementor-element-populated\">\n\t\t\t\t\t\t<div class=\"elementor-element elementor-element-00bad89 elementor-widget elementor-widget-image\" data-id=\"00bad89\" data-element_type=\"widget\" data-widget_type=\"image.default\">\n\t\t\t\t<div class=\"elementor-widget-container\">\n\t\t\t\t\t\t\t\t\t\t\t\t\t<img loading=\"lazy\" decoding=\"async\" width=\"724\" height=\"1024\" src=\"https:\/\/www.laboratorioapertoparma.it\/wp-content\/uploads\/2024\/06\/san-giovanni-2-724x1024.png\" class=\"attachment-large size-large wp-image-11302\" alt=\"\" srcset=\"https:\/\/www.laboratorioapertoparma.it\/wp-content\/uploads\/2024\/06\/san-giovanni-2-724x1024.png 724w, https:\/\/www.laboratorioapertoparma.it\/wp-content\/uploads\/2024\/06\/san-giovanni-2-212x300.png 212w, https:\/\/www.laboratorioapertoparma.it\/wp-content\/uploads\/2024\/06\/san-giovanni-2-768x1086.png 768w, https:\/\/www.laboratorioapertoparma.it\/wp-content\/uploads\/2024\/06\/san-giovanni-2-1086x1536.png 1086w, https:\/\/www.laboratorioapertoparma.it\/wp-content\/uploads\/2024\/06\/san-giovanni-2-1448x2048.png 1448w\" sizes=\"(max-width: 724px) 100vw, 724px\" \/>\t\t\t\t\t\t\t\t\t\t\t\t\t<\/div>\n\t\t\t\t<\/div>\n\t\t\t\t\t<\/div>\n\t\t<\/div>\n\t\t\t\t<div class=\"elementor-column elementor-col-50 elementor-top-column elementor-element elementor-element-3d073fa\" data-id=\"3d073fa\" data-element_type=\"column\">\n\t\t\t<div class=\"elementor-widget-wrap elementor-element-populated\">\n\t\t\t\t\t\t<div class=\"elementor-element elementor-element-f813065 elementor-align-left elementor-widget elementor-widget-button\" data-id=\"f813065\" data-element_type=\"widget\" data-widget_type=\"button.default\">\n\t\t\t\t<div class=\"elementor-widget-container\">\n\t\t\t\t\t<div class=\"elementor-button-wrapper\">\n\t\t\t<a class=\"elementor-button elementor-button-link elementor-size-lg elementor-animation-float\" href=\"https:\/\/www.laboratorioapertoparma.it\/index.php\/san-giovanni-2024\/\" target=\"_blank\">\n\t\t\t\t\t\t<span class=\"elementor-button-content-wrapper\">\n\t\t\t\t\t\t<span class=\"elementor-button-text\">LA NOTTE DI SAN GIOVANNI 2024<\/span>\n\t\t<\/span>\n\t\t\t\t\t<\/a>\n\t\t<\/div>\n\t\t\t\t<\/div>\n\t\t\t\t<\/div>\n\t\t\t\t<div class=\"elementor-element elementor-element-bcd06af elementor-widget elementor-widget-text-editor\" data-id=\"bcd06af\" data-element_type=\"widget\" data-widget_type=\"text-editor.default\">\n\t\t\t\t<div class=\"elementor-widget-container\">\n\t\t\t\t\t\t\t<p>Scopri le iniziative previste in occasione di San Giovanni e fino alla fine del mese di giugno!<\/p>\t\t\t\t\t\t<\/div>\n\t\t\t\t<\/div>\n\t\t\t\t\t<\/div>\n\t\t<\/div>\n\t\t\t\t\t<\/div>\n\t\t<\/section>\n\t\t\t\t<section class=\"elementor-section elementor-top-section elementor-element elementor-element-b6b6090 elementor-section-content-middle elementor-section-boxed elementor-section-height-default elementor-section-height-default\" data-id=\"b6b6090\" data-element_type=\"section\">\n\t\t\t\t\t\t<div class=\"elementor-container elementor-column-gap-wider\">\n\t\t\t\t\t<div class=\"elementor-column elementor-col-50 elementor-top-column elementor-element elementor-element-e6a43f8\" data-id=\"e6a43f8\" data-element_type=\"column\">\n\t\t\t<div class=\"elementor-widget-wrap elementor-element-populated\">\n\t\t\t\t\t\t<div class=\"elementor-element elementor-element-484dc23 elementor-widget elementor-widget-image\" data-id=\"484dc23\" data-element_type=\"widget\" data-widget_type=\"image.default\">\n\t\t\t\t<div class=\"elementor-widget-container\">\n\t\t\t\t\t\t\t\t\t\t\t\t\t<img loading=\"lazy\" decoding=\"async\" width=\"724\" height=\"1024\" src=\"https:\/\/www.laboratorioapertoparma.it\/wp-content\/uploads\/2024\/04\/primavera-al-laboratorio-aperto-2024-ok-724x1024.jpg\" class=\"attachment-large size-large wp-image-11155\" alt=\"\" srcset=\"https:\/\/www.laboratorioapertoparma.it\/wp-content\/uploads\/2024\/04\/primavera-al-laboratorio-aperto-2024-ok-724x1024.jpg 724w, https:\/\/www.laboratorioapertoparma.it\/wp-content\/uploads\/2024\/04\/primavera-al-laboratorio-aperto-2024-ok-212x300.jpg 212w, https:\/\/www.laboratorioapertoparma.it\/wp-content\/uploads\/2024\/04\/primavera-al-laboratorio-aperto-2024-ok-768x1086.jpg 768w, https:\/\/www.laboratorioapertoparma.it\/wp-content\/uploads\/2024\/04\/primavera-al-laboratorio-aperto-2024-ok-1086x1536.jpg 1086w, https:\/\/www.laboratorioapertoparma.it\/wp-content\/uploads\/2024\/04\/primavera-al-laboratorio-aperto-2024-ok-1448x2048.jpg 1448w, https:\/\/www.laboratorioapertoparma.it\/wp-content\/uploads\/2024\/04\/primavera-al-laboratorio-aperto-2024-ok-scaled.jpg 1810w\" sizes=\"(max-width: 724px) 100vw, 724px\" \/>\t\t\t\t\t\t\t\t\t\t\t\t\t<\/div>\n\t\t\t\t<\/div>\n\t\t\t\t\t<\/div>\n\t\t<\/div>\n\t\t\t\t<div class=\"elementor-column elementor-col-50 elementor-top-column elementor-element elementor-element-6dbadb8\" data-id=\"6dbadb8\" data-element_type=\"column\">\n\t\t\t<div class=\"elementor-widget-wrap elementor-element-populated\">\n\t\t\t\t\t\t<div class=\"elementor-element elementor-element-0676e84 elementor-align-left elementor-widget elementor-widget-button\" data-id=\"0676e84\" data-element_type=\"widget\" data-widget_type=\"button.default\">\n\t\t\t\t<div class=\"elementor-widget-container\">\n\t\t\t\t\t<div class=\"elementor-button-wrapper\">\n\t\t\t<a class=\"elementor-button elementor-button-link elementor-size-lg elementor-animation-float\" href=\"https:\/\/www.laboratorioapertoparma.it\/index.php\/primavera-2024\/\" target=\"_blank\">\n\t\t\t\t\t\t<span class=\"elementor-button-content-wrapper\">\n\t\t\t\t\t\t<span class=\"elementor-button-text\">PRIMAVERA AL LABORATORIO APERTO 2024<\/span>\n\t\t<\/span>\n\t\t\t\t\t<\/a>\n\t\t<\/div>\n\t\t\t\t<\/div>\n\t\t\t\t<\/div>\n\t\t\t\t<div class=\"elementor-element elementor-element-19c6c0e elementor-widget elementor-widget-text-editor\" data-id=\"19c6c0e\" data-element_type=\"widget\" data-widget_type=\"text-editor.default\">\n\t\t\t\t<div class=\"elementor-widget-container\">\n\t\t\t\t\t\t\t<p>Una primavera dedicata al tema delle competenze e all&#8217;importanza della professionalit\u00e0 e del saper fare nel mondo dell&#8217;agroalimentare e dell&#8217;enogastronomia.<\/p>\n<p><\/p>\t\t\t\t\t\t<\/div>\n\t\t\t\t<\/div>\n\t\t\t\t\t<\/div>\n\t\t<\/div>\n\t\t\t\t\t<\/div>\n\t\t<\/section>\n\t\t\t\t<section class=\"elementor-section elementor-top-section elementor-element elementor-element-0c2e798 elementor-section-content-middle elementor-section-boxed elementor-section-height-default elementor-section-height-default\" data-id=\"0c2e798\" data-element_type=\"section\">\n\t\t\t\t\t\t<div class=\"elementor-container elementor-column-gap-wider\">\n\t\t\t\t\t<div class=\"elementor-column elementor-col-50 elementor-top-column elementor-element elementor-element-8fc48b2\" data-id=\"8fc48b2\" data-element_type=\"column\">\n\t\t\t<div class=\"elementor-widget-wrap elementor-element-populated\">\n\t\t\t\t\t\t<div class=\"elementor-element elementor-element-7ba6b5f elementor-widget elementor-widget-image\" data-id=\"7ba6b5f\" data-element_type=\"widget\" data-widget_type=\"image.default\">\n\t\t\t\t<div class=\"elementor-widget-container\">\n\t\t\t\t\t\t\t\t\t\t\t\t\t<img loading=\"lazy\" decoding=\"async\" width=\"724\" height=\"1024\" src=\"https:\/\/www.laboratorioapertoparma.it\/wp-content\/uploads\/2024\/04\/20-APRILE-2024-724x1024.png\" class=\"attachment-large size-large wp-image-11144\" alt=\"\" srcset=\"https:\/\/www.laboratorioapertoparma.it\/wp-content\/uploads\/2024\/04\/20-APRILE-2024-724x1024.png 724w, https:\/\/www.laboratorioapertoparma.it\/wp-content\/uploads\/2024\/04\/20-APRILE-2024-212x300.png 212w, https:\/\/www.laboratorioapertoparma.it\/wp-content\/uploads\/2024\/04\/20-APRILE-2024-768x1086.png 768w, https:\/\/www.laboratorioapertoparma.it\/wp-content\/uploads\/2024\/04\/20-APRILE-2024-1086x1536.png 1086w, https:\/\/www.laboratorioapertoparma.it\/wp-content\/uploads\/2024\/04\/20-APRILE-2024-1448x2048.png 1448w\" sizes=\"(max-width: 724px) 100vw, 724px\" \/>\t\t\t\t\t\t\t\t\t\t\t\t\t<\/div>\n\t\t\t\t<\/div>\n\t\t\t\t\t<\/div>\n\t\t<\/div>\n\t\t\t\t<div class=\"elementor-column elementor-col-50 elementor-top-column elementor-element elementor-element-4c64ff7\" data-id=\"4c64ff7\" data-element_type=\"column\">\n\t\t\t<div class=\"elementor-widget-wrap elementor-element-populated\">\n\t\t\t\t\t\t<div class=\"elementor-element elementor-element-abcc2f3 elementor-align-left elementor-widget elementor-widget-button\" data-id=\"abcc2f3\" data-element_type=\"widget\" data-widget_type=\"button.default\">\n\t\t\t\t<div class=\"elementor-widget-container\">\n\t\t\t\t\t<div class=\"elementor-button-wrapper\">\n\t\t\t<a class=\"elementor-button elementor-button-link elementor-size-lg elementor-animation-float\" href=\"https:\/\/www.laboratorioapertoparma.it\/wp-content\/uploads\/2024\/04\/20-APRILE-2024.pdf\" target=\"_blank\">\n\t\t\t\t\t\t<span class=\"elementor-button-content-wrapper\">\n\t\t\t\t\t\t<span class=\"elementor-button-text\">BUON COMPLEANNO LABORATORIO APERTO!<\/span>\n\t\t<\/span>\n\t\t\t\t\t<\/a>\n\t\t<\/div>\n\t\t\t\t<\/div>\n\t\t\t\t<\/div>\n\t\t\t\t<div class=\"elementor-element elementor-element-f900ce3 elementor-widget elementor-widget-text-editor\" data-id=\"f900ce3\" data-element_type=\"widget\" data-widget_type=\"text-editor.default\">\n\t\t\t\t<div class=\"elementor-widget-container\">\n\t\t\t\t\t\t\t<p class=\"documentFirstHeading\">Il secondo anniversario dell&#8217;apertura del Laboratorio Aperto di Parma \u00e8 dedicato al tema delle competenze e alle tante figure professionali che operano nell&#8217;ambito della cultura e dell&#8217;eccellenza agroalimentare.<\/p>\t\t\t\t\t\t<\/div>\n\t\t\t\t<\/div>\n\t\t\t\t\t<\/div>\n\t\t<\/div>\n\t\t\t\t\t<\/div>\n\t\t<\/section>\n\t\t\t\t<section class=\"elementor-section elementor-top-section elementor-element elementor-element-e9b14ae elementor-section-content-middle elementor-section-boxed elementor-section-height-default elementor-section-height-default\" data-id=\"e9b14ae\" data-element_type=\"section\">\n\t\t\t\t\t\t<div class=\"elementor-container elementor-column-gap-wider\">\n\t\t\t\t\t<div class=\"elementor-column elementor-col-50 elementor-top-column elementor-element elementor-element-0929b25\" data-id=\"0929b25\" data-element_type=\"column\">\n\t\t\t<div class=\"elementor-widget-wrap elementor-element-populated\">\n\t\t\t\t\t\t<div class=\"elementor-element elementor-element-d04220f elementor-widget elementor-widget-image\" data-id=\"d04220f\" data-element_type=\"widget\" data-widget_type=\"image.default\">\n\t\t\t\t<div class=\"elementor-widget-container\">\n\t\t\t\t\t\t\t\t\t\t\t\t\t\t<a href=\"https:\/\/www.laboratorioapertoparma.it\/index.php\/inbrodo-fest-2023\/\">\n\t\t\t\t\t\t\t<img loading=\"lazy\" decoding=\"async\" width=\"711\" height=\"1024\" src=\"https:\/\/www.laboratorioapertoparma.it\/wp-content\/uploads\/2023\/12\/BRODO-711x1024.png\" class=\"attachment-large size-large wp-image-10540\" alt=\"\" srcset=\"https:\/\/www.laboratorioapertoparma.it\/wp-content\/uploads\/2023\/12\/BRODO-711x1024.png 711w, https:\/\/www.laboratorioapertoparma.it\/wp-content\/uploads\/2023\/12\/BRODO-208x300.png 208w, https:\/\/www.laboratorioapertoparma.it\/wp-content\/uploads\/2023\/12\/BRODO-768x1106.png 768w, https:\/\/www.laboratorioapertoparma.it\/wp-content\/uploads\/2023\/12\/BRODO-1067x1536.png 1067w, https:\/\/www.laboratorioapertoparma.it\/wp-content\/uploads\/2023\/12\/BRODO-1423x2048.png 1423w\" sizes=\"(max-width: 711px) 100vw, 711px\" \/>\t\t\t\t\t\t\t\t<\/a>\n\t\t\t\t\t\t\t\t\t\t\t\t\t<\/div>\n\t\t\t\t<\/div>\n\t\t\t\t\t<\/div>\n\t\t<\/div>\n\t\t\t\t<div class=\"elementor-column elementor-col-50 elementor-top-column elementor-element elementor-element-b92c9ec\" data-id=\"b92c9ec\" data-element_type=\"column\">\n\t\t\t<div class=\"elementor-widget-wrap elementor-element-populated\">\n\t\t\t\t\t\t<div class=\"elementor-element elementor-element-3955f79 elementor-align-left elementor-widget elementor-widget-button\" data-id=\"3955f79\" data-element_type=\"widget\" data-widget_type=\"button.default\">\n\t\t\t\t<div class=\"elementor-widget-container\">\n\t\t\t\t\t<div class=\"elementor-button-wrapper\">\n\t\t\t<a class=\"elementor-button elementor-button-link elementor-size-lg elementor-animation-float\" href=\"https:\/\/www.laboratorioapertoparma.it\/index.php\/inbrodo-fest-2023\/\">\n\t\t\t\t\t\t<span class=\"elementor-button-content-wrapper\">\n\t\t\t\t\t\t<span class=\"elementor-button-text\">INBRODO FEST<\/span>\n\t\t<\/span>\n\t\t\t\t\t<\/a>\n\t\t<\/div>\n\t\t\t\t<\/div>\n\t\t\t\t<\/div>\n\t\t\t\t<div class=\"elementor-element elementor-element-9468612 elementor-widget elementor-widget-text-editor\" data-id=\"9468612\" data-element_type=\"widget\" data-widget_type=\"text-editor.default\">\n\t\t\t\t<div class=\"elementor-widget-container\">\n\t\t\t\t\t\t\t<p>Dal 2 al 23 dicembre 2023 incontri, seminari, laboratori, cooking show dedicati al brodo: da quello tradizionale natalizio parmense a quelli del mondo.<\/p>\t\t\t\t\t\t<\/div>\n\t\t\t\t<\/div>\n\t\t\t\t\t<\/div>\n\t\t<\/div>\n\t\t\t\t\t<\/div>\n\t\t<\/section>\n\t\t\t\t<section class=\"elementor-section elementor-top-section elementor-element elementor-element-e6731d7 elementor-section-content-middle elementor-section-boxed elementor-section-height-default elementor-section-height-default\" data-id=\"e6731d7\" data-element_type=\"section\">\n\t\t\t\t\t\t<div class=\"elementor-container elementor-column-gap-wider\">\n\t\t\t\t\t<div class=\"elementor-column elementor-col-50 elementor-top-column elementor-element elementor-element-6a49a28\" data-id=\"6a49a28\" data-element_type=\"column\">\n\t\t\t<div class=\"elementor-widget-wrap elementor-element-populated\">\n\t\t\t\t\t\t<div class=\"elementor-element elementor-element-791349e elementor-widget elementor-widget-image\" data-id=\"791349e\" data-element_type=\"widget\" data-widget_type=\"image.default\">\n\t\t\t\t<div class=\"elementor-widget-container\">\n\t\t\t\t\t\t\t\t\t\t\t\t\t\t<a href=\"https:\/\/www.laboratorioapertoparma.it\/index.php\/creativi-digitali-2023\/\">\n\t\t\t\t\t\t\t<img loading=\"lazy\" decoding=\"async\" width=\"724\" height=\"1024\" src=\"https:\/\/www.laboratorioapertoparma.it\/wp-content\/uploads\/2023\/12\/Senza-titolo-2-copia-724x1024.png\" class=\"attachment-large size-large wp-image-10549\" alt=\"\" srcset=\"https:\/\/www.laboratorioapertoparma.it\/wp-content\/uploads\/2023\/12\/Senza-titolo-2-copia-724x1024.png 724w, https:\/\/www.laboratorioapertoparma.it\/wp-content\/uploads\/2023\/12\/Senza-titolo-2-copia-212x300.png 212w, https:\/\/www.laboratorioapertoparma.it\/wp-content\/uploads\/2023\/12\/Senza-titolo-2-copia-768x1087.png 768w, https:\/\/www.laboratorioapertoparma.it\/wp-content\/uploads\/2023\/12\/Senza-titolo-2-copia-1086x1536.png 1086w, https:\/\/www.laboratorioapertoparma.it\/wp-content\/uploads\/2023\/12\/Senza-titolo-2-copia.png 1181w\" sizes=\"(max-width: 724px) 100vw, 724px\" \/>\t\t\t\t\t\t\t\t<\/a>\n\t\t\t\t\t\t\t\t\t\t\t\t\t<\/div>\n\t\t\t\t<\/div>\n\t\t\t\t\t<\/div>\n\t\t<\/div>\n\t\t\t\t<div class=\"elementor-column elementor-col-50 elementor-top-column elementor-element elementor-element-fa0f13d\" data-id=\"fa0f13d\" data-element_type=\"column\">\n\t\t\t<div class=\"elementor-widget-wrap elementor-element-populated\">\n\t\t\t\t\t\t<div class=\"elementor-element elementor-element-4400cb6 elementor-align-left elementor-widget elementor-widget-button\" data-id=\"4400cb6\" data-element_type=\"widget\" data-widget_type=\"button.default\">\n\t\t\t\t<div class=\"elementor-widget-container\">\n\t\t\t\t\t<div class=\"elementor-button-wrapper\">\n\t\t\t<a class=\"elementor-button elementor-button-link elementor-size-lg elementor-animation-float\" href=\"https:\/\/www.laboratorioapertoparma.it\/index.php\/creativi-digitali-2023\/\">\n\t\t\t\t\t\t<span class=\"elementor-button-content-wrapper\">\n\t\t\t\t\t\t<span class=\"elementor-button-text\">CREATIVI & DIGITALI<\/span>\n\t\t<\/span>\n\t\t\t\t\t<\/a>\n\t\t<\/div>\n\t\t\t\t<\/div>\n\t\t\t\t<\/div>\n\t\t\t\t<div class=\"elementor-element elementor-element-4db20a9 elementor-widget elementor-widget-text-editor\" data-id=\"4db20a9\" data-element_type=\"widget\" data-widget_type=\"text-editor.default\">\n\t\t\t\t<div class=\"elementor-widget-container\">\n\t\t\t\t\t\t\t<p>Nei mesi di novembre e dicembre 2023 incontri, seminari, laboratori, dedicati all&#8217;alfabetizzazione digitale, all&#8217;intelligenza artificiale, agli strumenti digitali per promuovere la propria immagine dedicati in particolare a bambini, giovani e donne.<\/p>\t\t\t\t\t\t<\/div>\n\t\t\t\t<\/div>\n\t\t\t\t<div class=\"elementor-element elementor-element-d4f283f elementor-widget elementor-widget-spacer\" data-id=\"d4f283f\" data-element_type=\"widget\" data-widget_type=\"spacer.default\">\n\t\t\t\t<div class=\"elementor-widget-container\">\n\t\t\t\t\t<div class=\"elementor-spacer\">\n\t\t\t<div class=\"elementor-spacer-inner\"><\/div>\n\t\t<\/div>\n\t\t\t\t<\/div>\n\t\t\t\t<\/div>\n\t\t\t\t<div class=\"elementor-element elementor-element-b090335 elementor-widget elementor-widget-text-editor\" data-id=\"b090335\" data-element_type=\"widget\" data-widget_type=\"text-editor.default\">\n\t\t\t\t<div class=\"elementor-widget-container\">\n\t\t\t\t\t\t\t<p style=\"text-align: right;\"><a href=\"https:\/\/www.laboratorioapertoparma.it\/index.php\/atuss\/\">Progetto realizzato grazie ai fondi europei della Regione Emilia-Romagna<\/a><\/p>\t\t\t\t\t\t<\/div>\n\t\t\t\t<\/div>\n\t\t\t\t\t<\/div>\n\t\t<\/div>\n\t\t\t\t\t<\/div>\n\t\t<\/section>\n\t\t\t\t<section class=\"elementor-section elementor-top-section elementor-element elementor-element-8a691c1 elementor-section-content-middle elementor-section-boxed elementor-section-height-default elementor-section-height-default\" data-id=\"8a691c1\" data-element_type=\"section\">\n\t\t\t\t\t\t<div class=\"elementor-container elementor-column-gap-wider\">\n\t\t\t\t\t<div class=\"elementor-column elementor-col-50 elementor-top-column elementor-element elementor-element-969b293\" data-id=\"969b293\" data-element_type=\"column\">\n\t\t\t<div class=\"elementor-widget-wrap elementor-element-populated\">\n\t\t\t\t\t\t<div class=\"elementor-element elementor-element-9595bb1 elementor-widget elementor-widget-image\" data-id=\"9595bb1\" data-element_type=\"widget\" data-widget_type=\"image.default\">\n\t\t\t\t<div class=\"elementor-widget-container\">\n\t\t\t\t\t\t\t\t\t\t\t\t\t\t<a href=\"https:\/\/www.laboratorioapertoparma.it\/index.php\/nostro-pane-2023\/\">\n\t\t\t\t\t\t\t<img loading=\"lazy\" decoding=\"async\" width=\"724\" height=\"1024\" src=\"https:\/\/www.laboratorioapertoparma.it\/wp-content\/uploads\/2023\/12\/pane-copertina-copia-724x1024.png\" class=\"attachment-large size-large wp-image-10550\" alt=\"\" srcset=\"https:\/\/www.laboratorioapertoparma.it\/wp-content\/uploads\/2023\/12\/pane-copertina-copia-724x1024.png 724w, https:\/\/www.laboratorioapertoparma.it\/wp-content\/uploads\/2023\/12\/pane-copertina-copia-212x300.png 212w, https:\/\/www.laboratorioapertoparma.it\/wp-content\/uploads\/2023\/12\/pane-copertina-copia-768x1087.png 768w, https:\/\/www.laboratorioapertoparma.it\/wp-content\/uploads\/2023\/12\/pane-copertina-copia-1086x1536.png 1086w, https:\/\/www.laboratorioapertoparma.it\/wp-content\/uploads\/2023\/12\/pane-copertina-copia.png 1181w\" sizes=\"(max-width: 724px) 100vw, 724px\" \/>\t\t\t\t\t\t\t\t<\/a>\n\t\t\t\t\t\t\t\t\t\t\t\t\t<\/div>\n\t\t\t\t<\/div>\n\t\t\t\t\t<\/div>\n\t\t<\/div>\n\t\t\t\t<div class=\"elementor-column elementor-col-50 elementor-top-column elementor-element elementor-element-4cd25c9\" data-id=\"4cd25c9\" data-element_type=\"column\">\n\t\t\t<div class=\"elementor-widget-wrap elementor-element-populated\">\n\t\t\t\t\t\t<div class=\"elementor-element elementor-element-ab2e721 elementor-align-left elementor-widget elementor-widget-button\" data-id=\"ab2e721\" data-element_type=\"widget\" data-widget_type=\"button.default\">\n\t\t\t\t<div class=\"elementor-widget-container\">\n\t\t\t\t\t<div class=\"elementor-button-wrapper\">\n\t\t\t<a class=\"elementor-button elementor-button-link elementor-size-lg elementor-animation-float\" href=\"https:\/\/www.laboratorioapertoparma.it\/index.php\/nostro-pane-2023\/\">\n\t\t\t\t\t\t<span class=\"elementor-button-content-wrapper\">\n\t\t\t\t\t\t<span class=\"elementor-button-text\">NOSTRO PANE<\/span>\n\t\t<\/span>\n\t\t\t\t\t<\/a>\n\t\t<\/div>\n\t\t\t\t<\/div>\n\t\t\t\t<\/div>\n\t\t\t\t<div class=\"elementor-element elementor-element-7e22336 elementor-widget elementor-widget-text-editor\" data-id=\"7e22336\" data-element_type=\"widget\" data-widget_type=\"text-editor.default\">\n\t\t\t\t<div class=\"elementor-widget-container\">\n\t\t\t\t\t\t\t<p>Nei mesi di novembre e dicembre 2023 incontri, seminari, laboratori, show cooking al pane come primo alimento dell&#8217;alimentazione umana e primo strumento di condivisione di esperienze, storie e tradizioni.<\/p>\t\t\t\t\t\t<\/div>\n\t\t\t\t<\/div>\n\t\t\t\t\t<\/div>\n\t\t<\/div>\n\t\t\t\t\t<\/div>\n\t\t<\/section>\n\t\t\t\t<section class=\"elementor-section elementor-top-section elementor-element elementor-element-402db72 elementor-section-content-middle elementor-section-boxed elementor-section-height-default elementor-section-height-default\" data-id=\"402db72\" data-element_type=\"section\">\n\t\t\t\t\t\t<div class=\"elementor-container elementor-column-gap-wider\">\n\t\t\t\t\t<div class=\"elementor-column elementor-col-50 elementor-top-column elementor-element elementor-element-202d177\" data-id=\"202d177\" data-element_type=\"column\">\n\t\t\t<div class=\"elementor-widget-wrap elementor-element-populated\">\n\t\t\t\t\t\t<div class=\"elementor-element elementor-element-303866a elementor-widget elementor-widget-image\" data-id=\"303866a\" data-element_type=\"widget\" data-widget_type=\"image.default\">\n\t\t\t\t<div class=\"elementor-widget-container\">\n\t\t\t\t\t\t\t\t\t\t\t\t\t\t<a href=\"https:\/\/www.laboratorioapertoparma.it\/index.php\/settembre-gastronomico-2023\/\">\n\t\t\t\t\t\t\t<img loading=\"lazy\" decoding=\"async\" width=\"713\" height=\"1024\" src=\"https:\/\/www.laboratorioapertoparma.it\/wp-content\/uploads\/2023\/12\/settembre-a4-copia-min-713x1024.png\" class=\"attachment-large size-large wp-image-10566\" alt=\"\" srcset=\"https:\/\/www.laboratorioapertoparma.it\/wp-content\/uploads\/2023\/12\/settembre-a4-copia-min-713x1024.png 713w, https:\/\/www.laboratorioapertoparma.it\/wp-content\/uploads\/2023\/12\/settembre-a4-copia-min-209x300.png 209w, https:\/\/www.laboratorioapertoparma.it\/wp-content\/uploads\/2023\/12\/settembre-a4-copia-min-768x1103.png 768w, https:\/\/www.laboratorioapertoparma.it\/wp-content\/uploads\/2023\/12\/settembre-a4-copia-min-1070x1536.png 1070w, https:\/\/www.laboratorioapertoparma.it\/wp-content\/uploads\/2023\/12\/settembre-a4-copia-min.png 1164w\" sizes=\"(max-width: 713px) 100vw, 713px\" \/>\t\t\t\t\t\t\t\t<\/a>\n\t\t\t\t\t\t\t\t\t\t\t\t\t<\/div>\n\t\t\t\t<\/div>\n\t\t\t\t\t<\/div>\n\t\t<\/div>\n\t\t\t\t<div class=\"elementor-column elementor-col-50 elementor-top-column elementor-element elementor-element-3344344\" data-id=\"3344344\" data-element_type=\"column\">\n\t\t\t<div class=\"elementor-widget-wrap elementor-element-populated\">\n\t\t\t\t\t\t<div class=\"elementor-element elementor-element-e7a7457 elementor-align-left elementor-widget elementor-widget-button\" data-id=\"e7a7457\" data-element_type=\"widget\" data-widget_type=\"button.default\">\n\t\t\t\t<div class=\"elementor-widget-container\">\n\t\t\t\t\t<div class=\"elementor-button-wrapper\">\n\t\t\t<a class=\"elementor-button elementor-button-link elementor-size-lg elementor-animation-float\" href=\"https:\/\/www.laboratorioapertoparma.it\/index.php\/settembre-gastronomico-2023\/\">\n\t\t\t\t\t\t<span class=\"elementor-button-content-wrapper\">\n\t\t\t\t\t\t<span class=\"elementor-button-text\">SETTEMBRE GASTRONOMICO<\/span>\n\t\t<\/span>\n\t\t\t\t\t<\/a>\n\t\t<\/div>\n\t\t\t\t<\/div>\n\t\t\t\t<\/div>\n\t\t\t\t<div class=\"elementor-element elementor-element-710be33 elementor-widget elementor-widget-text-editor\" data-id=\"710be33\" data-element_type=\"widget\" data-widget_type=\"text-editor.default\">\n\t\t\t\t<div class=\"elementor-widget-container\">\n\t\t\t\t\t\t\t<p>Un format completamente rinnovato per l&#8217;ormai tradizionale kermesse dedicata alla cultura gastronomica che ha visto il coinvolgimento di diversi quartieri cittadini e la commistione della gastronomia con altri cluster della rete delle Citt\u00e0 Creative UNESCO.<\/p>\t\t\t\t\t\t<\/div>\n\t\t\t\t<\/div>\n\t\t\t\t\t<\/div>\n\t\t<\/div>\n\t\t\t\t\t<\/div>\n\t\t<\/section>\n\t\t\t\t<section class=\"elementor-section elementor-top-section elementor-element elementor-element-f8e4b6a elementor-section-boxed elementor-section-height-default elementor-section-height-default\" data-id=\"f8e4b6a\" data-element_type=\"section\">\n\t\t\t\t\t\t<div class=\"elementor-container elementor-column-gap-default\">\n\t\t\t\t\t<div class=\"elementor-column elementor-col-100 elementor-top-column elementor-element elementor-element-07f8cdf\" data-id=\"07f8cdf\" data-element_type=\"column\">\n\t\t\t<div class=\"elementor-widget-wrap elementor-element-populated\">\n\t\t\t\t\t\t<div class=\"elementor-element elementor-element-1e1679a elementor-widget elementor-widget-spacer\" data-id=\"1e1679a\" data-element_type=\"widget\" data-widget_type=\"spacer.default\">\n\t\t\t\t<div class=\"elementor-widget-container\">\n\t\t\t\t\t<div class=\"elementor-spacer\">\n\t\t\t<div class=\"elementor-spacer-inner\"><\/div>\n\t\t<\/div>\n\t\t\t\t<\/div>\n\t\t\t\t<\/div>\n\t\t\t\t\t<\/div>\n\t\t<\/div>\n\t\t\t\t\t<\/div>\n\t\t<\/section>\n\t\t\t\t<\/div>\n\t\t","protected":false},"excerpt":{"rendered":"<p>vivi Seminari, corsi di&nbsp;food&nbsp;writing, conferenze, mostre, laboratori pratici e per bambini, book club gastronomico, degustazioni sono solo alcuni degli eventi che animano questi spazi, contribuendo prima di tutto a far s\u00ec che i cittadini riprendano abitudine a frequentarli e poi a seminare quella consapevolezza e quella conoscenza necessarie a creare una riflessione critica e a [&hellip;]<\/p>\n","protected":false},"author":2,"featured_media":0,"parent":0,"menu_order":0,"comment_status":"closed","ping_status":"closed","template":"","meta":{"footnotes":""},"class_list":["post-10516","page","type-page","status-publish","hentry"],"_links":{"self":[{"href":"https:\/\/www.laboratorioapertoparma.it\/index.php\/wp-json\/wp\/v2\/pages\/10516","targetHints":{"allow":["GET"]}}],"collection":[{"href":"https:\/\/www.laboratorioapertoparma.it\/index.php\/wp-json\/wp\/v2\/pages"}],"about":[{"href":"https:\/\/www.laboratorioapertoparma.it\/index.php\/wp-json\/wp\/v2\/types\/page"}],"author":[{"embeddable":true,"href":"https:\/\/www.laboratorioapertoparma.it\/index.php\/wp-json\/wp\/v2\/users\/2"}],"replies":[{"embeddable":true,"href":"https:\/\/www.laboratorioapertoparma.it\/index.php\/wp-json\/wp\/v2\/comments?post=10516"}],"version-history":[{"count":158,"href":"https:\/\/www.laboratorioapertoparma.it\/index.php\/wp-json\/wp\/v2\/pages\/10516\/revisions"}],"predecessor-version":[{"id":11802,"href":"https:\/\/www.laboratorioapertoparma.it\/index.php\/wp-json\/wp\/v2\/pages\/10516\/revisions\/11802"}],"wp:attachment":[{"href":"https:\/\/www.laboratorioapertoparma.it\/index.php\/wp-json\/wp\/v2\/media?parent=10516"}],"curies":[{"name":"wp","href":"https:\/\/api.w.org\/{rel}","templated":true}]}}